{"id":1543,"date":"2025-08-08T07:11:17","date_gmt":"2025-08-08T07:11:17","guid":{"rendered":"https:\/\/negociosconectividade.ao\/?page_id=1543"},"modified":"2025-10-20T14:49:47","modified_gmt":"2025-10-20T14:49:47","slug":"programa-hg","status":"publish","type":"page","link":"https:\/\/negociosconectividade.ao\/index.php\/programa-hg\/","title":{"rendered":"O EVENTO"},"content":{"rendered":"\t\t<div data-elementor-type=\"wp-page\" data-elementor-id=\"1543\" class=\"elementor elementor-1543\">\n\t\t\t\t<div class=\"elementor-element elementor-element-4d52196 e-con-full e-flex e-con e-parent\" data-id=\"4d52196\" data-element_type=\"container\" data-e-type=\"container\" data-settings=\"{&quot;background_background&quot;:&quot;classic&quot;}\">\n\t\t\t\t<div class=\"elementor-element elementor-element-d45432d elementor-widget elementor-widget-image\" data-id=\"d45432d\" data-element_type=\"widget\" data-e-type=\"widget\" data-widget_type=\"image.default\">\n\t\t\t\t<div class=\"elementor-widget-container\">\n\t\t\t\t\t\t\t\t\t\t\t\t\t\t\t<img fetchpriority=\"high\" decoding=\"async\" width=\"2560\" height=\"516\" src=\"https:\/\/negociosconectividade.ao\/wp-content\/uploads\/2025\/08\/Programa-scaled.webp\" class=\"attachment-full size-full wp-image-1741\" alt=\"\" srcset=\"https:\/\/negociosconectividade.ao\/wp-content\/uploads\/2025\/08\/Programa-scaled.webp 2560w, https:\/\/negociosconectividade.ao\/wp-content\/uploads\/2025\/08\/Programa-300x61.webp 300w, https:\/\/negociosconectividade.ao\/wp-content\/uploads\/2025\/08\/Programa-1024x207.webp 1024w, https:\/\/negociosconectividade.ao\/wp-content\/uploads\/2025\/08\/Programa-768x155.webp 768w, https:\/\/negociosconectividade.ao\/wp-content\/uploads\/2025\/08\/Programa-1536x310.webp 1536w, https:\/\/negociosconectividade.ao\/wp-content\/uploads\/2025\/08\/Programa-2048x413.webp 2048w\" sizes=\"(max-width: 2560px) 100vw, 2560px\" \/>\t\t\t\t\t\t\t\t\t\t\t\t\t\t\t<\/div>\n\t\t\t\t<\/div>\n\t\t\t\t<\/div>\n\t\t<div class=\"elementor-element elementor-element-bd18264 e-flex e-con-boxed e-con e-parent\" data-id=\"bd18264\" data-element_type=\"container\" data-e-type=\"container\">\n\t\t\t\t\t<div class=\"e-con-inner\">\n\t\t<div class=\"elementor-element elementor-element-6d394e8 e-con-full e-grid e-con e-child\" data-id=\"6d394e8\" data-element_type=\"container\" data-e-type=\"container\" data-settings=\"{&quot;background_background&quot;:&quot;classic&quot;}\">\n\t\t\t\t<div class=\"elementor-element elementor-element-b918154 elementor-widget elementor-widget-heading\" data-id=\"b918154\" data-element_type=\"widget\" data-e-type=\"widget\" data-widget_type=\"heading.default\">\n\t\t\t\t<div class=\"elementor-widget-container\">\n\t\t\t\t\t<h4 class=\"elementor-heading-title elementor-size-default\"><span style=\"color: Maroon\">LOCAL: <\/span>\n Hotel Bel Kumba<\/h4>\t\t\t\t<\/div>\n\t\t\t\t<\/div>\n\t\t\t\t<\/div>\n\t\t<div class=\"elementor-element elementor-element-f2909a4 e-con-full e-flex e-con e-child\" data-id=\"f2909a4\" data-element_type=\"container\" data-e-type=\"container\">\n\t\t<div class=\"elementor-element elementor-element-c10d6de e-con-full e-grid e-con e-child\" data-id=\"c10d6de\" data-element_type=\"container\" data-e-type=\"container\" data-settings=\"{&quot;background_background&quot;:&quot;classic&quot;}\">\n\t\t\t\t<div class=\"elementor-element elementor-element-6d66623 elementor-widget elementor-widget-heading\" data-id=\"6d66623\" data-element_type=\"widget\" data-e-type=\"widget\" data-widget_type=\"heading.default\">\n\t\t\t\t<div class=\"elementor-widget-container\">\n\t\t\t\t\t<h2 class=\"elementor-heading-title elementor-size-default\">1\u00ba DIA - 26\/09\/25<\/h2>\t\t\t\t<\/div>\n\t\t\t\t<\/div>\n\t\t\t\t<\/div>\n\t\t\t\t<\/div>\n\t\t\t\t<div class=\"elementor-element elementor-element-52d0f86 elementor-widget elementor-widget-heading\" data-id=\"52d0f86\" data-element_type=\"widget\" data-e-type=\"widget\" data-widget_type=\"heading.default\">\n\t\t\t\t<div class=\"elementor-widget-container\">\n\t\t\t\t\t<h4 class=\"elementor-heading-title elementor-size-default\"><span style=\"color: Maroon\">MESTRE CERIM\u00d3NIA: <\/span>\nELSA MARCELINO<\/h4>\t\t\t\t<\/div>\n\t\t\t\t<\/div>\n\t\t<div class=\"elementor-element elementor-element-563de19 e-con-full e-flex e-con e-child\" data-id=\"563de19\" data-element_type=\"container\" data-e-type=\"container\" data-settings=\"{&quot;background_background&quot;:&quot;classic&quot;}\">\n\t\t\t\t<div class=\"elementor-element elementor-element-4f3164f elementor-widget elementor-widget-text-editor\" data-id=\"4f3164f\" data-element_type=\"widget\" data-e-type=\"widget\" data-widget_type=\"text-editor.default\">\n\t\t\t\t<div class=\"elementor-widget-container\">\n\t\t\t\t\t\t\t\t\t<p>08h00 &#8211; <strong>Chegada dos Participantes<\/strong><\/p>\t\t\t\t\t\t\t\t<\/div>\n\t\t\t\t<\/div>\n\t\t\t\t<\/div>\n\t\t<div class=\"elementor-element elementor-element-3c74bc9 e-con-full e-flex e-con e-child\" data-id=\"3c74bc9\" data-element_type=\"container\" data-e-type=\"container\" data-settings=\"{&quot;background_background&quot;:&quot;classic&quot;}\">\n\t\t\t\t<div class=\"elementor-element elementor-element-f7f41e7 elementor-widget elementor-widget-text-editor\" data-id=\"f7f41e7\" data-element_type=\"widget\" data-e-type=\"widget\" data-widget_type=\"text-editor.default\">\n\t\t\t\t<div class=\"elementor-widget-container\">\n\t\t\t\t\t\t\t\t\t<p>09h00 \u2013 <strong>ABERTURA SOLENE<\/strong><br \/>09h05 \u2013 <strong>PALAVRAS DE BOAS -VINDAS<\/strong> <br \/>\u00a0 \u00a0 \u00a0 \u00a0 \u00a0 \u00a0 \u00a0 \u00a0Coordenador Geral do Grupo MediaNova, <strong>Dr. Augusto Dembo<\/strong><br \/>09h10 \u2013 <strong>DISCURSO DE ABERTURA<\/strong> <br \/>\u00a0 \u00a0 \u00a0 \u00a0 \u00a0 \u00a0 \u00a0 \u00a0Exmo Sr. Governador Provincial do U\u00edge, <strong>Carvalho da Rocha<\/strong><br \/>09h15 \u2013 <strong>DISCURSO DO MINTIICS<\/strong> <br \/>\u00a0 \u00a0 \u00a0 \u00a0 \u00a0 \u00a0 \u00a0 Exmo Sr. Secret\u00e1rio de Estado para a Comunica\u00e7\u00e3o Social, <strong>Nuno dos Anjos Caldas Albino<br \/><\/strong>09h20 \u2013 Foto de Fam\u00edlia com m\u00fasica ambiente de fundo (20\u00b4)<strong><br \/><\/strong>09h40 &#8211; <span style=\"color: maroon;\"><strong>CONVERSAS &amp; NEG\u00d3CIOS<\/strong> 1:<\/span>\u00a0<br \/><strong>\u00a0 \u00a0 \u00a0 \u00a0 \u00a0 \u00a0 \u00a0 <\/strong>Moderador:<strong> DANIEL COSTA<br \/><\/strong><strong>\u00a0 \u00a0 \u00a0 \u00a0 \u00a0 \u00a0 \u00a0 OPORTUNIDADES DE NEG\u00d3CIOS E POTENCIALIDADES DO U\u00cdGE;<br \/><\/strong>09h45 &#8211; <strong>Seguran\u00e7a Alimentar como Pilar da Soberania Econ\u00f3mica<\/strong><br \/><strong>\u00a0 \u00a0 \u00a0 \u00a0 \u00a0 \u00a0 \u00a0 de \u00c1frica: O Papel do Fundo Soberano de Angola (20\u00b4)<\/strong><br \/><strong>\u00a0 \u00a0 \u00a0 \u00a0 \u00a0 \u00a0 \u00a0 Prelector: Igor Lima<\/strong><br \/>\u00a0 \u00a0 \u00a0 \u00a0 \u00a0 \u00a0 \u00a0 Administrador do Fundo Soberano de Angola<br \/>10h05 &#8211;\u00a0<strong>Transforma Aqui (15\u00b4)<\/strong><br \/><strong>\u00a0 \u00a0 \u00a0 \u00a0 \u00a0 \u00a0 \u00a0 Prelector: Ad\u00e3o Matari<\/strong><br \/>\u00a0 \u00a0 \u00a0 \u00a0 \u00a0 \u00a0 \u00a0 T\u00e9cnico de Cr\u00e9dito do FADA <br \/>10h20 &#8211; <strong>O Meio Ambiente Econ\u00f3mico e os Projetos Econ\u00f3micos do Gab\u00e3o (15\u00b4)<\/strong><br \/><strong>\u00a0 \u00a0 \u00a0 \u00a0 \u00a0 \u00a0 \u00a0 \u00a0Prelectora: Edwige Koumby Missambo<\/strong><br \/>\u00a0 \u00a0 \u00a0 \u00a0 \u00a0 \u00a0 \u00a0 Embaixadora da Rep\u00fablica do Gab\u00e3o em Angola<br \/>10h35 &#8211; Perguntas e respostas (20min)<br \/>10h55 &#8212; COFFE-BREACK + momento m\u00fasica ambiente (45\u00b4)<\/p>\t\t\t\t\t\t\t\t<\/div>\n\t\t\t\t<\/div>\n\t\t\t\t<\/div>\n\t\t<div class=\"elementor-element elementor-element-5fbb7f4 e-con-full e-flex e-con e-child\" data-id=\"5fbb7f4\" data-element_type=\"container\" data-e-type=\"container\" data-settings=\"{&quot;background_background&quot;:&quot;classic&quot;}\">\n\t\t\t\t<div class=\"elementor-element elementor-element-9136cd8 elementor-widget elementor-widget-text-editor\" data-id=\"9136cd8\" data-element_type=\"widget\" data-e-type=\"widget\" data-widget_type=\"text-editor.default\">\n\t\t\t\t<div class=\"elementor-widget-container\">\n\t\t\t\t\t\t\t\t\t<p>11h40 &#8211; <span style=\"color: maroon;\"><strong>CONVERSAS &amp; NEG\u00d3CIOS 2<\/strong>: <br \/><\/span><strong>\u00a0 \u00a0 \u00a0 \u00a0 \u00a0 \u00a0 \u00a0 <\/strong>Moderadora:<strong> Gisela Silva<br \/><\/strong><strong>\u00a0 \u00a0 \u00a0 \u00a0 \u00a0 \u00a0 \u00a0 PERSPECTIVAS DE INDUSTRIALIZA\u00c7\u00c3O<br \/><\/strong>11h45- <strong>Agro-Neg\u00f3cio: Cadeia de valor, capacidade local e n\u00edvel de crescimento (15\u00b4)<\/strong><br \/><strong>\u00a0 \u00a0 \u00a0 \u00a0 \u00a0 \u00a0 \u00a0Prelector: Marcelino Ferreira<\/strong><br \/>\u00a0 \u00a0 \u00a0 \u00a0 \u00a0 \u00a0 \u00a0Director Provincial do Gabinete de Desenvolvimento Econ\u00f3mico Integrado<br \/>12h00 &#8211; <strong>Minerais estrat\u00e9gicos, desafiando o mercado (15min)<\/strong><br \/><strong>\u00a0 \u00a0 \u00a0 \u00a0 \u00a0 \u00a0 \u00a0 Prelector: Eng\u00ba Am\u00e9rico da Mata<\/strong><br \/>\u00a0 \u00a0 \u00a0 \u00a0 \u00a0 \u00a0 \u00a0Administrador do Instituto Geol\u00f3gico de Angola<br \/>12h15 &#8211;<strong>\u00a0O papel e a cadeia de valor do caf\u00e9 no desenvolvimento da prov\u00edncia do Uige (15min)<\/strong><br \/><strong>\u00a0 \u00a0 \u00a0 \u00a0 \u00a0 \u00a0 \u00a0 \u00a0Prelector: Eng\u00b0 Magalh\u00e3es Alfredo Louren\u00e7o<\/strong><br \/>\u00a0 \u00a0 \u00a0 \u00a0 \u00a0 \u00a0 \u00a0 \u00a0Director T\u00e9cnico do INCA<\/p>\t\t\t\t\t\t\t\t<\/div>\n\t\t\t\t<\/div>\n\t\t\t\t<\/div>\n\t\t<div class=\"elementor-element elementor-element-34acbcc e-con-full e-flex e-con e-child\" data-id=\"34acbcc\" data-element_type=\"container\" data-e-type=\"container\" data-settings=\"{&quot;background_background&quot;:&quot;classic&quot;}\">\n\t\t\t\t<div class=\"elementor-element elementor-element-d06b184 elementor-widget elementor-widget-text-editor\" data-id=\"d06b184\" data-element_type=\"widget\" data-e-type=\"widget\" data-widget_type=\"text-editor.default\">\n\t\t\t\t<div class=\"elementor-widget-container\">\n\t\t\t\t\t\t\t\t\t<p>\u00a012h30 &#8211; Perguntas e respostas (20min)<\/p>\t\t\t\t\t\t\t\t<\/div>\n\t\t\t\t<\/div>\n\t\t\t\t<\/div>\n\t\t<div class=\"elementor-element elementor-element-e8bd906 e-con-full e-flex e-con e-child\" data-id=\"e8bd906\" data-element_type=\"container\" data-e-type=\"container\" data-settings=\"{&quot;background_background&quot;:&quot;classic&quot;}\">\n\t\t\t\t<div class=\"elementor-element elementor-element-60d8bf0 elementor-widget elementor-widget-text-editor\" data-id=\"60d8bf0\" data-element_type=\"widget\" data-e-type=\"widget\" data-widget_type=\"text-editor.default\">\n\t\t\t\t<div class=\"elementor-widget-container\">\n\t\t\t\t\t\t\t\t\t<p>12h50 &#8211;<strong> <span style=\"color: maroon;\">CONVERSAS &amp; NEG\u00d3CIOS 3: <br \/><\/span>\u00a0 \u00a0 \u00a0 \u00a0 \u00a0 \u00a0 \u00a0 \u00a0<\/strong>Moderador:<strong> EDNO PINTO<br \/><\/strong><strong>\u00a0 \u00a0 \u00a0 \u00a0 \u00a0 \u00a0 \u00a0 \u00a0MOLDANDO O FUTURO DIVERSIFICANDO ONDE APOSTAR<\/strong><br \/>12h55 &#8211;\u00a0<strong>Investimento no Capital Humano\/Novas Tecnologias (15min)<\/strong><br \/><strong>\u00a0 \u00a0 \u00a0 \u00a0 \u00a0 \u00a0 \u00a0 1. Prelectora: Eng\u00aa Fernanda Cleto<\/strong><br \/>\u00a0 \u00a0 \u00a0 \u00a0 \u00a0 \u00a0 \u00a0 \u00a0Instituto Geol\u00f3gico de Angola<br \/><strong>\u00a0 \u00a0 \u00a0 \u00a0 \u00a0 \u00a0 \u00a0 2. Prelector: Eng. Jonathan Timoteo<\/strong><br \/>\u00a0 \u00a0 \u00a0 \u00a0 \u00a0 \u00a0 \u00a0Chefe de Departamento de Supervis\u00e3o de Infraestruturas da MSTelcom<br \/>13h25 &#8211; <strong>Potencialidades do Turismo Local (15min)<\/strong><br \/><strong>\u00a0 \u00a0 \u00a0 \u00a0 \u00a0 \u00a0 \u00a0 Prelector: Gomes Lino<\/strong><br \/>\u00a0 \u00a0 \u00a0 \u00a0 \u00a0 \u00a0 \u00a0 Director Provincial do Turismo e Cultura<br \/>13h40 &#8211; Perguntas e respostas (20min)<br \/>14h00 \u2013 Inscri\u00e7\u00f5es para o Cartaz Empresarial ao som de m\u00fasica ambiente (10\u00b4)<br \/><br \/><\/p>\t\t\t\t\t\t\t\t<\/div>\n\t\t\t\t<\/div>\n\t\t\t\t<\/div>\n\t\t<div class=\"elementor-element elementor-element-293db38 e-con-full e-flex e-con e-child\" data-id=\"293db38\" data-element_type=\"container\" data-e-type=\"container\" data-settings=\"{&quot;background_background&quot;:&quot;classic&quot;}\">\n\t\t\t\t<div class=\"elementor-element elementor-element-d040f58 elementor-widget elementor-widget-text-editor\" data-id=\"d040f58\" data-element_type=\"widget\" data-e-type=\"widget\" data-widget_type=\"text-editor.default\">\n\t\t\t\t<div class=\"elementor-widget-container\">\n\t\t\t\t\t\t\t\t\t<p>14h10 &#8211; <span style=\"color: maroon;\"><strong>CARTAZ EMPRESARIAL (30\u00b4)<\/strong><br \/><\/span>14h40 &#8211;<strong> Discurso de Encerramento<\/strong><br \/>\u00a0 \u00a0 \u00a0 \u00a0 \u00a0 \u00a0 \u00a0 <strong>Coordenador Geral do Grupo Media Nova, Dr. Augusto Dembo<\/strong><br \/>14h45 &#8211; Entrega de Certificados (15\u00b4)<br \/><br \/><\/p>\t\t\t\t\t\t\t\t<\/div>\n\t\t\t\t<\/div>\n\t\t\t\t<\/div>\n\t\t<div class=\"elementor-element elementor-element-ce7744b e-con-full e-flex e-con e-child\" data-id=\"ce7744b\" data-element_type=\"container\" data-e-type=\"container\" data-settings=\"{&quot;background_background&quot;:&quot;classic&quot;}\">\n\t\t\t\t<div class=\"elementor-element elementor-element-742e7e3 elementor-widget elementor-widget-text-editor\" data-id=\"742e7e3\" data-element_type=\"widget\" data-e-type=\"widget\" data-widget_type=\"text-editor.default\">\n\t\t\t\t<div class=\"elementor-widget-container\">\n\t\t\t\t\t\t\t\t\t<p>15h00 \u2013<strong><span style=\"color: maroon;\">\u00a0ALMO\u00c7O \/ ENCERRAMENTO (2h) <\/span><\/strong><\/p>\t\t\t\t\t\t\t\t<\/div>\n\t\t\t\t<\/div>\n\t\t\t\t<\/div>\n\t\t\t\t\t<\/div>\n\t\t\t\t<\/div>\n\t\t<div class=\"elementor-element elementor-element-15b9874 e-flex e-con-boxed e-con e-parent\" data-id=\"15b9874\" data-element_type=\"container\" data-e-type=\"container\">\n\t\t\t\t\t<div class=\"e-con-inner\">\n\t\t\t\t<div class=\"elementor-element elementor-element-5a54c7a elementor-widget-divider--view-line elementor-widget elementor-widget-divider\" data-id=\"5a54c7a\" data-element_type=\"widget\" data-e-type=\"widget\" data-widget_type=\"divider.default\">\n\t\t\t\t<div class=\"elementor-widget-container\">\n\t\t\t\t\t\t\t<div class=\"elementor-divider\">\n\t\t\t<span class=\"elementor-divider-separator\">\n\t\t\t\t\t\t<\/span>\n\t\t<\/div>\n\t\t\t\t\t\t<\/div>\n\t\t\t\t<\/div>\n\t\t\t\t\t<\/div>\n\t\t\t\t<\/div>\n\t\t<div class=\"elementor-element elementor-element-974e850 e-flex e-con-boxed e-con e-parent\" data-id=\"974e850\" data-element_type=\"container\" data-e-type=\"container\">\n\t\t\t\t\t<div class=\"e-con-inner\">\n\t\t<div class=\"elementor-element elementor-element-f328f2d e-con-full e-flex e-con e-child\" data-id=\"f328f2d\" data-element_type=\"container\" data-e-type=\"container\" data-settings=\"{&quot;background_background&quot;:&quot;classic&quot;}\">\n\t\t\t\t<div class=\"elementor-element elementor-element-a336e78 elementor-widget elementor-widget-heading\" data-id=\"a336e78\" data-element_type=\"widget\" data-e-type=\"widget\" data-widget_type=\"heading.default\">\n\t\t\t\t<div class=\"elementor-widget-container\">\n\t\t\t\t\t<h2 class=\"elementor-heading-title elementor-size-default\">2\u00ba DIA - 27\/09\/25 <\/h2>\t\t\t\t<\/div>\n\t\t\t\t<\/div>\n\t\t\t\t<\/div>\n\t\t<div class=\"elementor-element elementor-element-41f35e2 e-con-full e-flex e-con e-child\" data-id=\"41f35e2\" data-element_type=\"container\" data-e-type=\"container\" data-settings=\"{&quot;background_background&quot;:&quot;classic&quot;}\">\n\t\t\t\t<div class=\"elementor-element elementor-element-107415e elementor-widget elementor-widget-text-editor\" data-id=\"107415e\" data-element_type=\"widget\" data-e-type=\"widget\" data-widget_type=\"text-editor.default\">\n\t\t\t\t<div class=\"elementor-widget-container\">\n\t\t\t\t\t\t\t\t\t<p>08h30 &#8211; PASSEIO TUR\u00cdSTICO INCLUINDO VISITA A CENTROS DE PRODU\u00c7\u00c3O;<br \/>Reservado a patrocinadores e participantes A, B e D (Programa a definir)<\/p>\t\t\t\t\t\t\t\t<\/div>\n\t\t\t\t<\/div>\n\t\t\t\t<\/div>\n\t\t\t\t\t<\/div>\n\t\t\t\t<\/div>\n\t\t\t\t<\/div>\n\t\t","protected":false},"excerpt":{"rendered":"<p>LOCAL: Hotel Bel Kumba 1\u00ba DIA &#8211; 26\/09\/25 MESTRE CERIM\u00d3NIA: ELSA MARCELINO 08h00 &#8211; Chegada dos Participantes 09h00 \u2013 ABERTURA SOLENE09h05 \u2013 PALAVRAS DE BOAS -VINDAS \u00a0 \u00a0 \u00a0 \u00a0 \u00a0 \u00a0 \u00a0 \u00a0Coordenador Geral do Grupo MediaNova, Dr. Augusto Dembo09h10 \u2013 DISCURSO DE ABERTURA \u00a0 \u00a0 \u00a0 \u00a0 \u00a0 \u00a0 \u00a0 \u00a0Exmo Sr. Governador [&hellip;]<\/p>\n","protected":false},"author":1,"featured_media":0,"parent":0,"menu_order":0,"comment_status":"closed","ping_status":"closed","template":"elementor_header_footer","meta":{"footnotes":""},"class_list":["post-1543","page","type-page","status-publish","hentry"],"blocksy_meta":[],"_links":{"self":[{"href":"https:\/\/negociosconectividade.ao\/index.php\/wp-json\/wp\/v2\/pages\/1543","targetHints":{"allow":["GET"]}}],"collection":[{"href":"https:\/\/negociosconectividade.ao\/index.php\/wp-json\/wp\/v2\/pages"}],"about":[{"href":"https:\/\/negociosconectividade.ao\/index.php\/wp-json\/wp\/v2\/types\/page"}],"author":[{"embeddable":true,"href":"https:\/\/negociosconectividade.ao\/index.php\/wp-json\/wp\/v2\/users\/1"}],"replies":[{"embeddable":true,"href":"https:\/\/negociosconectividade.ao\/index.php\/wp-json\/wp\/v2\/comments?post=1543"}],"version-history":[{"count":94,"href":"https:\/\/negociosconectividade.ao\/index.php\/wp-json\/wp\/v2\/pages\/1543\/revisions"}],"predecessor-version":[{"id":1850,"href":"https:\/\/negociosconectividade.ao\/index.php\/wp-json\/wp\/v2\/pages\/1543\/revisions\/1850"}],"wp:attachment":[{"href":"https:\/\/negociosconectividade.ao\/index.php\/wp-json\/wp\/v2\/media?parent=1543"}],"curies":[{"name":"wp","href":"https:\/\/api.w.org\/{rel}","templated":true}]}}